{"id":3150,"date":"2023-02-04T22:30:01","date_gmt":"2023-02-04T21:30:01","guid":{"rendered":"https:\/\/www.kovasztunder.hu\/?page_id=3150"},"modified":"2023-05-16T22:13:03","modified_gmt":"2023-05-16T20:13:03","slug":"die-arten-und-merkmale-von-mehl","status":"publish","type":"page","link":"https:\/\/www.kovasztunder.hu\/de\/die-arten-und-merkmale-von-mehl","title":{"rendered":"Arten und Eigenschaften der am h\u00e4ufigsten verwendeten Mehle"},"content":{"rendered":"<div data-elementor-type=\"wp-page\" data-elementor-id=\"3150\" class=\"elementor elementor-3150\" data-elementor-post-type=\"page\">\n\t\t\t\t\t\t<section class=\"elementor-section elementor-top-section elementor-element elementor-element-8f37c7e elementor-section-boxed elementor-section-height-default elementor-section-height-default\" data-id=\"8f37c7e\" data-element_type=\"section\" data-e-type=\"section\" data-settings=\"{&quot;background_background&quot;:&quot;classic&quot;}\">\n\t\t\t\t\t\t<div class=\"elementor-container elementor-column-gap-default\">\n\t\t\t\t\t<div class=\"elementor-column elementor-col-100 elementor-top-column elementor-element elementor-element-321d907\" data-id=\"321d907\" data-element_type=\"column\" data-e-type=\"column\">\n\t\t\t<div class=\"elementor-widget-wrap elementor-element-populated\">\n\t\t\t\t\t\t<div class=\"elementor-element elementor-element-357c0ac elementor-widget elementor-widget-accordion\" data-id=\"357c0ac\" data-element_type=\"widget\" data-e-type=\"widget\" data-widget_type=\"accordion.default\">\n\t\t\t\t<div class=\"elementor-widget-container\">\n\t\t\t\t\t\t\t<div class=\"elementor-accordion\">\n\t\t\t\t\t\t\t<div class=\"elementor-accordion-item\">\n\t\t\t\t\t<div id=\"elementor-tab-title-5601\" class=\"elementor-tab-title\" data-tab=\"1\" role=\"button\" aria-controls=\"elementor-tab-content-5601\" aria-expanded=\"false\">\n\t\t\t\t\t\t\t\t\t\t\t\t\t<span class=\"elementor-accordion-icon elementor-accordion-icon-left\" aria-hidden=\"true\">\n\t\t\t\t\t\t\t\t\t\t\t\t\t\t\t<span class=\"elementor-accordion-icon-closed\"><i class=\"fas fa-plus\"><\/i><\/span>\n\t\t\t\t\t\t\t\t<span class=\"elementor-accordion-icon-opened\"><i class=\"fas fa-minus\"><\/i><\/span>\n\t\t\t\t\t\t\t\t\t\t\t\t\t\t<\/span>\n\t\t\t\t\t\t\t\t\t\t\t\t<a class=\"elementor-accordion-title\" tabindex=\"0\">BL-55: Das feine Mehl<\/a>\n\t\t\t\t\t<\/div>\n\t\t\t\t\t<div id=\"elementor-tab-content-5601\" class=\"elementor-tab-content elementor-clearfix\" data-tab=\"1\" role=\"region\" aria-labelledby=\"elementor-tab-title-5601\"><p>Weizenmehl ist ein feink\u00f6rniges, kleiearmes, helles Mehl. Es besteht fast ausschlie\u00dflich aus dem Korn und ist daher aus ern\u00e4hrungsphysiologischer Sicht nicht optimal, da ihm wertvolle Mineralstoffe fehlen.<\/p><p><strong>Hauptverwendungszwecke:<\/strong> F\u00fcr Geb\u00e4ck, Konditoreiprodukte.<\/p><\/div>\n\t\t\t\t<\/div>\n\t\t\t\t\t\t\t<div class=\"elementor-accordion-item\">\n\t\t\t\t\t<div id=\"elementor-tab-title-5602\" class=\"elementor-tab-title\" data-tab=\"2\" role=\"button\" aria-controls=\"elementor-tab-content-5602\" aria-expanded=\"false\">\n\t\t\t\t\t\t\t\t\t\t\t\t\t<span class=\"elementor-accordion-icon elementor-accordion-icon-left\" aria-hidden=\"true\">\n\t\t\t\t\t\t\t\t\t\t\t\t\t\t\t<span class=\"elementor-accordion-icon-closed\"><i class=\"fas fa-plus\"><\/i><\/span>\n\t\t\t\t\t\t\t\t<span class=\"elementor-accordion-icon-opened\"><i class=\"fas fa-minus\"><\/i><\/span>\n\t\t\t\t\t\t\t\t\t\t\t\t\t\t<\/span>\n\t\t\t\t\t\t\t\t\t\t\t\t<a class=\"elementor-accordion-title\" tabindex=\"0\">BL-80, BL-112, BL-160: Brotmehl <\/a>\n\t\t\t\t\t<\/div>\n\t\t\t\t\t<div id=\"elementor-tab-content-5602\" class=\"elementor-tab-content elementor-clearfix\" data-tab=\"2\" role=\"region\" aria-labelledby=\"elementor-tab-title-5602\"><p>Sie enthalten mehr Schalen und sind dunkler in der Farbe. Es ist das ideale Mehl zum Backen von Brot und Geb\u00e4ck.<\/p><\/div>\n\t\t\t\t<\/div>\n\t\t\t\t\t\t\t<div class=\"elementor-accordion-item\">\n\t\t\t\t\t<div id=\"elementor-tab-title-5603\" class=\"elementor-tab-title\" data-tab=\"3\" role=\"button\" aria-controls=\"elementor-tab-content-5603\" aria-expanded=\"false\">\n\t\t\t\t\t\t\t\t\t\t\t\t\t<span class=\"elementor-accordion-icon elementor-accordion-icon-left\" aria-hidden=\"true\">\n\t\t\t\t\t\t\t\t\t\t\t\t\t\t\t<span class=\"elementor-accordion-icon-closed\"><i class=\"fas fa-plus\"><\/i><\/span>\n\t\t\t\t\t\t\t\t<span class=\"elementor-accordion-icon-opened\"><i class=\"fas fa-minus\"><\/i><\/span>\n\t\t\t\t\t\t\t\t\t\t\t\t\t\t<\/span>\n\t\t\t\t\t\t\t\t\t\t\t\t<a class=\"elementor-accordion-title\" tabindex=\"0\">BTKL: Weizenvollkornmehl<\/a>\n\t\t\t\t\t<\/div>\n\t\t\t\t\t<div id=\"elementor-tab-content-5603\" class=\"elementor-tab-content elementor-clearfix\" data-tab=\"3\" role=\"region\" aria-labelledby=\"elementor-tab-title-5603\"><p>Bei Vollkornmehl enth\u00e4lt das Mehl bereits die \u00e4u\u00dferen Schichten des Weizenkorns: die Kleie und den Keim. Es ist am besten, es mit anderen Mehlen zu mischen, denn wenn Sie nur Vollkornmehl 100% verwenden, erhalten Sie h\u00f6chstwahrscheinlich ein schweres, zu dichtes Brot.<\/p><p>Wenn Sie diese Art von Mehl verwenden, sollten Sie sich bewusst sein, dass es mehr Wasser ben\u00f6tigt und schwieriger zu verarbeiten ist.<\/p><\/div>\n\t\t\t\t<\/div>\n\t\t\t\t\t\t\t<div class=\"elementor-accordion-item\">\n\t\t\t\t\t<div id=\"elementor-tab-title-5604\" class=\"elementor-tab-title\" data-tab=\"4\" role=\"button\" aria-controls=\"elementor-tab-content-5604\" aria-expanded=\"false\">\n\t\t\t\t\t\t\t\t\t\t\t\t\t<span class=\"elementor-accordion-icon elementor-accordion-icon-left\" aria-hidden=\"true\">\n\t\t\t\t\t\t\t\t\t\t\t\t\t\t\t<span class=\"elementor-accordion-icon-closed\"><i class=\"fas fa-plus\"><\/i><\/span>\n\t\t\t\t\t\t\t\t<span class=\"elementor-accordion-icon-opened\"><i class=\"fas fa-minus\"><\/i><\/span>\n\t\t\t\t\t\t\t\t\t\t\t\t\t\t<\/span>\n\t\t\t\t\t\t\t\t\t\t\t\t<a class=\"elementor-accordion-title\" tabindex=\"0\">RL: Roggenmehl<\/a>\n\t\t\t\t\t<\/div>\n\t\t\t\t\t<div id=\"elementor-tab-content-5604\" class=\"elementor-tab-content elementor-clearfix\" data-tab=\"4\" role=\"region\" aria-labelledby=\"elementor-tab-title-5604\"><p>Roggenmehl (z.B. RL 60, RL 90, RL 125, RL 190) wird haupts\u00e4chlich zum Brotbacken verwendet. Roggenmehl hat einen h\u00f6heren Ballaststoffgehalt und speichert mehr N\u00e4hrstoffe als Weizen. Es hat einen charakteristischen tiefen Geschmack und mit Roggen gebackene Sauerteigbrote sind dichter und kompakter, weshalb es auch empfohlen wird, es mit anderen Mehlen zu mischen.<\/p><p>Es gibt verschiedene Sorten: helles Roggenmehl mit geringem Schalenanteil, dunkles Roggenmehl mit hohem Schalenanteil und Roggenvollkornmehl, das alle Bestandteile des Roggenkorns enth\u00e4lt.<\/p><\/div>\n\t\t\t\t<\/div>\n\t\t\t\t\t\t\t<div class=\"elementor-accordion-item\">\n\t\t\t\t\t<div id=\"elementor-tab-title-5605\" class=\"elementor-tab-title\" data-tab=\"5\" role=\"button\" aria-controls=\"elementor-tab-content-5605\" aria-expanded=\"false\">\n\t\t\t\t\t\t\t\t\t\t\t\t\t<span class=\"elementor-accordion-icon elementor-accordion-icon-left\" aria-hidden=\"true\">\n\t\t\t\t\t\t\t\t\t\t\t\t\t\t\t<span class=\"elementor-accordion-icon-closed\"><i class=\"fas fa-plus\"><\/i><\/span>\n\t\t\t\t\t\t\t\t<span class=\"elementor-accordion-icon-opened\"><i class=\"fas fa-minus\"><\/i><\/span>\n\t\t\t\t\t\t\t\t\t\t\t\t\t\t<\/span>\n\t\t\t\t\t\t\t\t\t\t\t\t<a class=\"elementor-accordion-title\" tabindex=\"0\">TBL-70: Dinkelmehl<\/a>\n\t\t\t\t\t<\/div>\n\t\t\t\t\t<div id=\"elementor-tab-content-5605\" class=\"elementor-tab-content elementor-clearfix\" data-tab=\"5\" role=\"region\" aria-labelledby=\"elementor-tab-title-5605\"><p>Dinkel ist leichter verdaulich als Weichweizen, denn er enth\u00e4lt weniger Gluten, ist reich an Mineralien und hat einen h\u00f6heren Eiwei\u00dfgehalt, was ihn nahrhafter macht als Weizen. Aus ihm lassen sich k\u00f6stliche Brote und Backwaren herstellen.<\/p><\/div>\n\t\t\t\t<\/div>\n\t\t\t\t\t\t\t<div class=\"elementor-accordion-item\">\n\t\t\t\t\t<div id=\"elementor-tab-title-5606\" class=\"elementor-tab-title\" data-tab=\"6\" role=\"button\" aria-controls=\"elementor-tab-content-5606\" aria-expanded=\"false\">\n\t\t\t\t\t\t\t\t\t\t\t\t\t<span class=\"elementor-accordion-icon elementor-accordion-icon-left\" aria-hidden=\"true\">\n\t\t\t\t\t\t\t\t\t\t\t\t\t\t\t<span class=\"elementor-accordion-icon-closed\"><i class=\"fas fa-plus\"><\/i><\/span>\n\t\t\t\t\t\t\t\t<span class=\"elementor-accordion-icon-opened\"><i class=\"fas fa-minus\"><\/i><\/span>\n\t\t\t\t\t\t\t\t\t\t\t\t\t\t<\/span>\n\t\t\t\t\t\t\t\t\t\t\t\t<a class=\"elementor-accordion-title\" tabindex=\"0\">KBL-100: K\u00f6nigliches Weizenmehl<\/a>\n\t\t\t\t\t<\/div>\n\t\t\t\t\t<div id=\"elementor-tab-content-5606\" class=\"elementor-tab-content elementor-clearfix\" data-tab=\"6\" role=\"region\" aria-labelledby=\"elementor-tab-title-5606\"><p>Eine meiner Lieblingssorten. K\u00f6nigsweizen ist eine in Ungarn gez\u00fcchtete Weizensorte, eine Kreuzung aus Tafelweizen und Dinkel. Das daraus hergestellte Mehl hat einen guten Geschmack, einen hohen Proteingehalt und ist reich an Aminos\u00e4uren, was es besser f\u00fcr den K\u00f6rper macht. Es kann f\u00fcr Brot, Pizza, Nudeln und alles andere verwendet werden, was man m\u00f6chte.<\/p><p>Es ist sehr leicht zu verarbeiten, etwas \"durstiger\", ben\u00f6tigt mehr Wasser und muss nicht mit anderen Mehlen gemischt werden.<\/p><\/div>\n\t\t\t\t<\/div>\n\t\t\t\t\t\t\t<div class=\"elementor-accordion-item\">\n\t\t\t\t\t<div id=\"elementor-tab-title-5607\" class=\"elementor-tab-title\" data-tab=\"7\" role=\"button\" aria-controls=\"elementor-tab-content-5607\" aria-expanded=\"false\">\n\t\t\t\t\t\t\t\t\t\t\t\t\t<span class=\"elementor-accordion-icon elementor-accordion-icon-left\" aria-hidden=\"true\">\n\t\t\t\t\t\t\t\t\t\t\t\t\t\t\t<span class=\"elementor-accordion-icon-closed\"><i class=\"fas fa-plus\"><\/i><\/span>\n\t\t\t\t\t\t\t\t<span class=\"elementor-accordion-icon-opened\"><i class=\"fas fa-minus\"><\/i><\/span>\n\t\t\t\t\t\t\t\t\t\t\t\t\t\t<\/span>\n\t\t\t\t\t\t\t\t\t\t\t\t<a class=\"elementor-accordion-title\" tabindex=\"0\">BFF-55: Kleiemehl<\/a>\n\t\t\t\t\t<\/div>\n\t\t\t\t\t<div id=\"elementor-tab-content-5607\" class=\"elementor-tab-content elementor-clearfix\" data-tab=\"7\" role=\"region\" aria-labelledby=\"elementor-tab-title-5607\"><p>(F\u00e4ngermehle) Der Proteingehalt ist h\u00f6her als der von Feinmehl, aber die Korngr\u00f6\u00dfe ist gr\u00f6\u00dfer. Es ergibt einen leichten, luftigen, elastischen und dehnbaren Teig, wird aber am besten mit Feinmehl im Verh\u00e4ltnis 1:1 gemischt.<\/p><\/div>\n\t\t\t\t<\/div>\n\t\t\t\t\t\t\t<div class=\"elementor-accordion-item\">\n\t\t\t\t\t<div id=\"elementor-tab-title-5608\" class=\"elementor-tab-title\" data-tab=\"8\" role=\"button\" aria-controls=\"elementor-tab-content-5608\" aria-expanded=\"false\">\n\t\t\t\t\t\t\t\t\t\t\t\t\t<span class=\"elementor-accordion-icon elementor-accordion-icon-left\" aria-hidden=\"true\">\n\t\t\t\t\t\t\t\t\t\t\t\t\t\t\t<span class=\"elementor-accordion-icon-closed\"><i class=\"fas fa-plus\"><\/i><\/span>\n\t\t\t\t\t\t\t\t<span class=\"elementor-accordion-icon-opened\"><i class=\"fas fa-minus\"><\/i><\/span>\n\t\t\t\t\t\t\t\t\t\t\t\t\t\t<\/span>\n\t\t\t\t\t\t\t\t\t\t\t\t<a class=\"elementor-accordion-title\" tabindex=\"0\">Kamutmehl<\/a>\n\t\t\t\t\t<\/div>\n\t\t\t\t\t<div id=\"elementor-tab-content-5608\" class=\"elementor-tab-content elementor-clearfix\" data-tab=\"8\" role=\"region\" aria-labelledby=\"elementor-tab-title-5608\"><p>Sie hat einen niedrigen glyk\u00e4mischen Index (GI: 45), und die aus ihr hergestellten Produkte k\u00f6nnen problemlos in die Ern\u00e4hrung von Diabetikern und Di\u00e4tetiker aufgenommen werden. Es hat eine goldene Farbe, ist reich an Carotinoiden und Selen und hat eine butterartige Konsistenz. Durch seine langsame Resorption ist es leicht verdaulich.<\/p><\/div>\n\t\t\t\t<\/div>\n\t\t\t\t\t\t\t<div class=\"elementor-accordion-item\">\n\t\t\t\t\t<div id=\"elementor-tab-title-5609\" class=\"elementor-tab-title\" data-tab=\"9\" role=\"button\" aria-controls=\"elementor-tab-content-5609\" aria-expanded=\"false\">\n\t\t\t\t\t\t\t\t\t\t\t\t\t<span class=\"elementor-accordion-icon elementor-accordion-icon-left\" aria-hidden=\"true\">\n\t\t\t\t\t\t\t\t\t\t\t\t\t\t\t<span class=\"elementor-accordion-icon-closed\"><i class=\"fas fa-plus\"><\/i><\/span>\n\t\t\t\t\t\t\t\t<span class=\"elementor-accordion-icon-opened\"><i class=\"fas fa-minus\"><\/i><\/span>\n\t\t\t\t\t\t\t\t\t\t\t\t\t\t<\/span>\n\t\t\t\t\t\t\t\t\t\t\t\t<a class=\"elementor-accordion-title\" tabindex=\"0\">Haferflocken<\/a>\n\t\t\t\t\t<\/div>\n\t\t\t\t\t<div id=\"elementor-tab-content-5609\" class=\"elementor-tab-content elementor-clearfix\" data-tab=\"9\" role=\"region\" aria-labelledby=\"elementor-tab-title-5609\"><p>Hafer ist reich an Ballaststoffen und B-Vitaminen. Hafermehl ist zichorienfrei und sollte daher beim Backen von Brot und Geb\u00e4ck mit anderen zichorienhaltigen Mehlen gemischt werden.<\/p><\/div>\n\t\t\t\t<\/div>\n\t\t\t\t\t\t\t<div class=\"elementor-accordion-item\">\n\t\t\t\t\t<div id=\"elementor-tab-title-56010\" class=\"elementor-tab-title\" data-tab=\"10\" role=\"button\" aria-controls=\"elementor-tab-content-56010\" aria-expanded=\"false\">\n\t\t\t\t\t\t\t\t\t\t\t\t\t<span class=\"elementor-accordion-icon elementor-accordion-icon-left\" aria-hidden=\"true\">\n\t\t\t\t\t\t\t\t\t\t\t\t\t\t\t<span class=\"elementor-accordion-icon-closed\"><i class=\"fas fa-plus\"><\/i><\/span>\n\t\t\t\t\t\t\t\t<span class=\"elementor-accordion-icon-opened\"><i class=\"fas fa-minus\"><\/i><\/span>\n\t\t\t\t\t\t\t\t\t\t\t\t\t\t<\/span>\n\t\t\t\t\t\t\t\t\t\t\t\t<a class=\"elementor-accordion-title\" tabindex=\"0\">Buchweizen<\/a>\n\t\t\t\t\t<\/div>\n\t\t\t\t\t<div id=\"elementor-tab-content-56010\" class=\"elementor-tab-content elementor-clearfix\" data-tab=\"10\" role=\"region\" aria-labelledby=\"elementor-tab-title-56010\"><p>Buchweizenmehl hat einen rauen, erdigen Geschmack <a class=\"wpg-linkify wpg-tooltip\" title=\"&lt;h3 class=&quot;wpg-tooltip-title&quot;&gt;&lt;span class=&quot;wpg-tooltip-term-title&quot;&gt;AD&lt;\/span&gt;&lt;\/h3&gt;&lt;div class=&quot;wpg-tooltip-content&quot;&gt;&lt;p&gt;Essbarer Grie&szlig;.&lt;\/p&gt;&lt;\/div&gt;\" href=\"https:\/\/www.kovasztunder.hu\/en\/basic-concepts\/ad\" >ad<\/a> Brot ist reich an Ballaststoffen.<\/p><p><strong>Typen:<\/strong> Dunkelheit und Licht.<\/p><\/div>\n\t\t\t\t<\/div>\n\t\t\t\t\t\t\t<div class=\"elementor-accordion-item\">\n\t\t\t\t\t<div id=\"elementor-tab-title-56011\" class=\"elementor-tab-title\" data-tab=\"11\" role=\"button\" aria-controls=\"elementor-tab-content-56011\" aria-expanded=\"false\">\n\t\t\t\t\t\t\t\t\t\t\t\t\t<span class=\"elementor-accordion-icon elementor-accordion-icon-left\" aria-hidden=\"true\">\n\t\t\t\t\t\t\t\t\t\t\t\t\t\t\t<span class=\"elementor-accordion-icon-closed\"><i class=\"fas fa-plus\"><\/i><\/span>\n\t\t\t\t\t\t\t\t<span class=\"elementor-accordion-icon-opened\"><i class=\"fas fa-minus\"><\/i><\/span>\n\t\t\t\t\t\t\t\t\t\t\t\t\t\t<\/span>\n\t\t\t\t\t\t\t\t\t\t\t\t<a class=\"elementor-accordion-title\" tabindex=\"0\">Hartweizenmehl<\/a>\n\t\t\t\t\t<\/div>\n\t\t\t\t\t<div id=\"elementor-tab-content-56011\" class=\"elementor-tab-content elementor-clearfix\" data-tab=\"11\" role=\"region\" aria-labelledby=\"elementor-tab-title-56011\"><p>Es hat einen hohen Proteingehalt, der jedoch durch raffiniertes Weizenmehl erg\u00e4nzt werden muss, um die schwache Glutenstruktur auszugleichen.<\/p><\/div>\n\t\t\t\t<\/div>\n\t\t\t\t\t\t\t<div class=\"elementor-accordion-item\">\n\t\t\t\t\t<div id=\"elementor-tab-title-56012\" class=\"elementor-tab-title\" data-tab=\"12\" role=\"button\" aria-controls=\"elementor-tab-content-56012\" aria-expanded=\"false\">\n\t\t\t\t\t\t\t\t\t\t\t\t\t<span class=\"elementor-accordion-icon elementor-accordion-icon-left\" aria-hidden=\"true\">\n\t\t\t\t\t\t\t\t\t\t\t\t\t\t\t<span class=\"elementor-accordion-icon-closed\"><i class=\"fas fa-plus\"><\/i><\/span>\n\t\t\t\t\t\t\t\t<span class=\"elementor-accordion-icon-opened\"><i class=\"fas fa-minus\"><\/i><\/span>\n\t\t\t\t\t\t\t\t\t\t\t\t\t\t<\/span>\n\t\t\t\t\t\t\t\t\t\t\t\t<a class=\"elementor-accordion-title\" tabindex=\"0\">00: Pizzamehl<\/a>\n\t\t\t\t\t<\/div>\n\t\t\t\t\t<div id=\"elementor-tab-content-56012\" class=\"elementor-tab-content elementor-clearfix\" data-tab=\"12\" role=\"region\" aria-labelledby=\"elementor-tab-title-56012\"><p>Ein sehr fein gemahlenes Mehl, das am h\u00e4ufigsten f\u00fcr italienischen, neapolitanischen Pizzateig verwendet wird. Es gibt mehrere Unterarten mit unterschiedlichem Proteingehalt. Das Wichtigste f\u00fcr Pizzamehl ist in der Regel ein hei\u00dfer Ofen, am besten funktioniert er bei 450 Grad, bei denen eine klassische neapolitanische Pizza in 1-2 Minuten fertig ist.<\/p><\/div>\n\t\t\t\t<\/div>\n\t\t\t\t\t\t\t\t<\/div>\n\t\t\t\t\t\t<\/div>\n\t\t\t\t<\/div>\n\t\t\t\t\t<\/div>\n\t\t<\/div>\n\t\t\t\t\t<\/div>\n\t\t<\/section>\n\t\t\t\t<section class=\"elementor-section elementor-top-section elementor-element elementor-element-15a2b24 elementor-section-boxed elementor-section-height-default elementor-section-height-default\" data-id=\"15a2b24\" data-element_type=\"section\" data-e-type=\"section\">\n\t\t\t\t\t\t<div class=\"elementor-container elementor-column-gap-default\">\n\t\t\t\t\t<div class=\"elementor-column elementor-col-100 elementor-top-column elementor-element elementor-element-bb1ce29\" data-id=\"bb1ce29\" data-element_type=\"column\" data-e-type=\"column\">\n\t\t\t<div class=\"elementor-widget-wrap elementor-element-populated\">\n\t\t\t\t\t\t<div class=\"elementor-element elementor-element-caf594f elementor-widget elementor-widget-spacer\" data-id=\"caf594f\" data-element_type=\"widget\" data-e-type=\"widget\" data-widget_type=\"spacer.default\">\n\t\t\t\t<div class=\"elementor-widget-container\">\n\t\t\t\t\t\t\t<div class=\"elementor-spacer\">\n\t\t\t<div class=\"elementor-spacer-inner\"><\/div>\n\t\t<\/div>\n\t\t\t\t\t\t<\/div>\n\t\t\t\t<\/div>\n\t\t\t\t\t<\/div>\n\t\t<\/div>\n\t\t\t\t\t<\/div>\n\t\t<\/section>\n\t\t\t\t<\/div>","protected":false},"excerpt":{"rendered":"<p>BL-55: Das feine Mehl Weizenmehl ist ein feink\u00f6rniges, kleiearmes, helles Mehl. Es besteht fast ausschlie\u00dflich aus dem Kerngeh\u00e4use und ist daher aus ern\u00e4hrungsphysiologischer Sicht nicht das beste Mehl, da ihm die wertvollen Mineralstoffe fehlen, die im Mehl enthalten sind. Hauptverwendung: in Back- und Konditoreiprodukten. BL-80, BL-112, BL-160: Brotmehle enthalten mehr Rinde und sind dunkler in der Farbe. Dies ...<\/p>","protected":false},"author":1,"featured_media":3875,"parent":0,"menu_order":0,"comment_status":"closed","ping_status":"closed","template":"template-4.php","meta":{"wprm-recipe-roundup-name":"","wprm-recipe-roundup-description":"","tinysalt_hide_before_page_content_ad":"","tinysalt_hide_after_page_content_ad":"","tinysalt_hide_page_header":"","tinysalt_advanced_classname":"","tinysalt_page_featured_media_position":"","tinysalt_single_site_header_source":"","tinysalt_single_custom_site_header":"0","tinysalt_single_custom_sticky_site_header":"0","tinysalt_single_custom_sticky_site_header_style":"sticky-scroll-up","tinysalt_single_site_footer_source":"","tinysalt_single_custom_site_footer":"0","footnotes":""},"class_list":["post-3150","page","type-page","status-publish","has-post-thumbnail","hentry"],"yoast_head":"<!-- This site is optimized with the Yoast SEO Premium plugin v24.4 (Yoast SEO v27.3) - https:\/\/yoast.com\/product\/yoast-seo-premium-wordpress\/ -->\n<title>A legt\u00f6bbet haszn\u00e1lt lisztek fajt\u00e1i \u00e9s tulajdons\u00e1gai - Kov\u00e1szT\u00fcnd\u00e9r<\/title>\n<meta name=\"robots\" content=\"index, follow, max-snippet:-1, max-image-preview:large, max-video-preview:-1\" \/>\n<link rel=\"canonical\" href=\"https:\/\/www.kovasztunder.hu\/de\/die-arten-und-merkmale-von-mehl\" \/>\n<meta property=\"og:locale\" content=\"de_DE\" \/>\n<meta property=\"og:type\" content=\"article\" \/>\n<meta property=\"og:title\" content=\"A legt\u00f6bbet haszn\u00e1lt lisztek fajt\u00e1i \u00e9s tulajdons\u00e1gai\" \/>\n<meta property=\"og:description\" content=\"BL-55: A finomliszt A b\u00faza finomliszt apr\u00f3 szemcsem\u00e9ret\u0171, alacsony korpatartalm\u00fa \u00e9s vil\u00e1gos sz\u00edn\u0171 \u0151rlem\u00e9ny. Szinte csak a magbels\u0151b\u0151l \u00e1ll, ez\u00e9rt min\u0151s\u00e9g szempontj\u00e1b\u00f3l nem a legjobb ha a t\u00e1pl\u00e1lkoz\u00e1st n\u00e9zz\u00fck, hisz itt nincsenek a lisztben az \u00e9rt\u00e9kes \u00e1sv\u00e1nyi anyagok. F\u0151 felhaszn\u00e1l\u00e1sa: P\u00e9ks\u00fctem\u00e9nyekn\u00e9l, cukr\u00e1szati term\u00e9kekn\u00e9l. BL-80, BL-112, BL-160: A keny\u00e9rlisztek T\u00f6bb h\u00e9jr\u00e9szt tartalmaznak \u00e9s s\u00f6t\u00e9tebb sz\u00edn\u0171ek. Ez ...\" \/>\n<meta property=\"og:url\" content=\"https:\/\/www.kovasztunder.hu\/de\/die-arten-und-merkmale-von-mehl\" \/>\n<meta property=\"og:site_name\" content=\"Kov\u00e1szT\u00fcnd\u00e9r\" \/>\n<meta property=\"article:modified_time\" content=\"2023-05-16T20:13:03+00:00\" \/>\n<meta property=\"og:image\" content=\"https:\/\/www.kovasztunder.hu\/wp-content\/uploads\/2023\/05\/AF25B102-DB9B-4628-807F-8361100C2DC5.jpeg\" \/>\n\t<meta property=\"og:image:width\" content=\"1512\" \/>\n\t<meta property=\"og:image:height\" content=\"2016\" \/>\n\t<meta property=\"og:image:type\" content=\"image\/jpeg\" \/>\n<meta name=\"twitter:card\" content=\"summary_large_image\" \/>\n<meta name=\"twitter:label1\" content=\"Gesch\u00e4tzte Lesezeit\" \/>\n\t<meta name=\"twitter:data1\" content=\"3\u00a0Minuten\" \/>\n<script type=\"application\/ld+json\" class=\"yoast-schema-graph\">{\"@context\":\"https:\\\/\\\/schema.org\",\"@graph\":[{\"@type\":\"WebPage\",\"@id\":\"https:\\\/\\\/www.kovasztunder.hu\\\/a-lisztek-fajtai-es-tulajdonsagai\",\"url\":\"https:\\\/\\\/www.kovasztunder.hu\\\/a-lisztek-fajtai-es-tulajdonsagai\",\"name\":\"A legt\u00f6bbet haszn\u00e1lt lisztek fajt\u00e1i \u00e9s tulajdons\u00e1gai - Kov\u00e1szT\u00fcnd\u00e9r\",\"isPartOf\":{\"@id\":\"https:\\\/\\\/www.kovasztunder.hu\\\/#website\"},\"primaryImageOfPage\":{\"@id\":\"https:\\\/\\\/www.kovasztunder.hu\\\/a-lisztek-fajtai-es-tulajdonsagai#primaryimage\"},\"image\":{\"@id\":\"https:\\\/\\\/www.kovasztunder.hu\\\/a-lisztek-fajtai-es-tulajdonsagai#primaryimage\"},\"thumbnailUrl\":\"https:\\\/\\\/www.kovasztunder.hu\\\/wp-content\\\/uploads\\\/2023\\\/05\\\/AF25B102-DB9B-4628-807F-8361100C2DC5.jpeg\",\"datePublished\":\"2023-02-04T21:30:01+00:00\",\"dateModified\":\"2023-05-16T20:13:03+00:00\",\"breadcrumb\":{\"@id\":\"https:\\\/\\\/www.kovasztunder.hu\\\/a-lisztek-fajtai-es-tulajdonsagai#breadcrumb\"},\"inLanguage\":\"de\",\"potentialAction\":[{\"@type\":\"ReadAction\",\"target\":[\"https:\\\/\\\/www.kovasztunder.hu\\\/a-lisztek-fajtai-es-tulajdonsagai\"]}]},{\"@type\":\"ImageObject\",\"inLanguage\":\"de\",\"@id\":\"https:\\\/\\\/www.kovasztunder.hu\\\/a-lisztek-fajtai-es-tulajdonsagai#primaryimage\",\"url\":\"https:\\\/\\\/www.kovasztunder.hu\\\/wp-content\\\/uploads\\\/2023\\\/05\\\/AF25B102-DB9B-4628-807F-8361100C2DC5.jpeg\",\"contentUrl\":\"https:\\\/\\\/www.kovasztunder.hu\\\/wp-content\\\/uploads\\\/2023\\\/05\\\/AF25B102-DB9B-4628-807F-8361100C2DC5.jpeg\",\"width\":1512,\"height\":2016},{\"@type\":\"BreadcrumbList\",\"@id\":\"https:\\\/\\\/www.kovasztunder.hu\\\/a-lisztek-fajtai-es-tulajdonsagai#breadcrumb\",\"itemListElement\":[{\"@type\":\"ListItem\",\"position\":1,\"name\":\"Home\",\"item\":\"https:\\\/\\\/www.kovasztunder.hu\\\/\"},{\"@type\":\"ListItem\",\"position\":2,\"name\":\"A legt\u00f6bbet haszn\u00e1lt lisztek fajt\u00e1i \u00e9s tulajdons\u00e1gai\"}]},{\"@type\":\"WebSite\",\"@id\":\"https:\\\/\\\/www.kovasztunder.hu\\\/#website\",\"url\":\"https:\\\/\\\/www.kovasztunder.hu\\\/\",\"name\":\"Kov\u00e1szT\u00fcnd\u00e9r\",\"description\":\"A kov\u00e1sz legyen veletek!\",\"publisher\":{\"@id\":\"https:\\\/\\\/www.kovasztunder.hu\\\/#organization\"},\"potentialAction\":[{\"@type\":\"SearchAction\",\"target\":{\"@type\":\"EntryPoint\",\"urlTemplate\":\"https:\\\/\\\/www.kovasztunder.hu\\\/?s={search_term_string}\"},\"query-input\":{\"@type\":\"PropertyValueSpecification\",\"valueRequired\":true,\"valueName\":\"search_term_string\"}}],\"inLanguage\":\"de\"},{\"@type\":\"Organization\",\"@id\":\"https:\\\/\\\/www.kovasztunder.hu\\\/#organization\",\"name\":\"Kov\u00e1szT\u00fcnd\u00e9r\",\"url\":\"https:\\\/\\\/www.kovasztunder.hu\\\/\",\"logo\":{\"@type\":\"ImageObject\",\"inLanguage\":\"de\",\"@id\":\"https:\\\/\\\/www.kovasztunder.hu\\\/#\\\/schema\\\/logo\\\/image\\\/\",\"url\":\"https:\\\/\\\/www.kovasztunder.hu\\\/wp-content\\\/uploads\\\/2023\\\/02\\\/kovasztunder_logo.png\",\"contentUrl\":\"https:\\\/\\\/www.kovasztunder.hu\\\/wp-content\\\/uploads\\\/2023\\\/02\\\/kovasztunder_logo.png\",\"width\":1638,\"height\":487,\"caption\":\"Kov\u00e1szT\u00fcnd\u00e9r\"},\"image\":{\"@id\":\"https:\\\/\\\/www.kovasztunder.hu\\\/#\\\/schema\\\/logo\\\/image\\\/\"},\"sameAs\":[\"https:\\\/\\\/www.youtube.com\\\/@kovasztunder\",\"https:\\\/\\\/www.instagram.com\\\/kovasztunder\\\/\"]}]}<\/script>\n<!-- \/ Yoast SEO Premium plugin. -->","yoast_head_json":{"title":"Arten und Eigenschaften der am h\u00e4ufigsten verwendeten Mehle - Kov\u00e1szTaender","robots":{"index":"index","follow":"follow","max-snippet":"max-snippet:-1","max-image-preview":"max-image-preview:large","max-video-preview":"max-video-preview:-1"},"canonical":"https:\/\/www.kovasztunder.hu\/de\/die-arten-und-merkmale-von-mehl","og_locale":"de_DE","og_type":"article","og_title":"A legt\u00f6bbet haszn\u00e1lt lisztek fajt\u00e1i \u00e9s tulajdons\u00e1gai","og_description":"BL-55: A finomliszt A b\u00faza finomliszt apr\u00f3 szemcsem\u00e9ret\u0171, alacsony korpatartalm\u00fa \u00e9s vil\u00e1gos sz\u00edn\u0171 \u0151rlem\u00e9ny. Szinte csak a magbels\u0151b\u0151l \u00e1ll, ez\u00e9rt min\u0151s\u00e9g szempontj\u00e1b\u00f3l nem a legjobb ha a t\u00e1pl\u00e1lkoz\u00e1st n\u00e9zz\u00fck, hisz itt nincsenek a lisztben az \u00e9rt\u00e9kes \u00e1sv\u00e1nyi anyagok. F\u0151 felhaszn\u00e1l\u00e1sa: P\u00e9ks\u00fctem\u00e9nyekn\u00e9l, cukr\u00e1szati term\u00e9kekn\u00e9l. BL-80, BL-112, BL-160: A keny\u00e9rlisztek T\u00f6bb h\u00e9jr\u00e9szt tartalmaznak \u00e9s s\u00f6t\u00e9tebb sz\u00edn\u0171ek. Ez ...","og_url":"https:\/\/www.kovasztunder.hu\/de\/die-arten-und-merkmale-von-mehl","og_site_name":"Kov\u00e1szT\u00fcnd\u00e9r","article_modified_time":"2023-05-16T20:13:03+00:00","og_image":[{"width":1512,"height":2016,"url":"https:\/\/www.kovasztunder.hu\/wp-content\/uploads\/2023\/05\/AF25B102-DB9B-4628-807F-8361100C2DC5.jpeg","type":"image\/jpeg"}],"twitter_card":"summary_large_image","twitter_misc":{"Gesch\u00e4tzte Lesezeit":"3\u00a0Minuten"},"schema":{"@context":"https:\/\/schema.org","@graph":[{"@type":"WebPage","@id":"https:\/\/www.kovasztunder.hu\/a-lisztek-fajtai-es-tulajdonsagai","url":"https:\/\/www.kovasztunder.hu\/a-lisztek-fajtai-es-tulajdonsagai","name":"Arten und Eigenschaften der am h\u00e4ufigsten verwendeten Mehle - Kov\u00e1szTaender","isPartOf":{"@id":"https:\/\/www.kovasztunder.hu\/#website"},"primaryImageOfPage":{"@id":"https:\/\/www.kovasztunder.hu\/a-lisztek-fajtai-es-tulajdonsagai#primaryimage"},"image":{"@id":"https:\/\/www.kovasztunder.hu\/a-lisztek-fajtai-es-tulajdonsagai#primaryimage"},"thumbnailUrl":"https:\/\/www.kovasztunder.hu\/wp-content\/uploads\/2023\/05\/AF25B102-DB9B-4628-807F-8361100C2DC5.jpeg","datePublished":"2023-02-04T21:30:01+00:00","dateModified":"2023-05-16T20:13:03+00:00","breadcrumb":{"@id":"https:\/\/www.kovasztunder.hu\/a-lisztek-fajtai-es-tulajdonsagai#breadcrumb"},"inLanguage":"de","potentialAction":[{"@type":"ReadAction","target":["https:\/\/www.kovasztunder.hu\/a-lisztek-fajtai-es-tulajdonsagai"]}]},{"@type":"ImageObject","inLanguage":"de","@id":"https:\/\/www.kovasztunder.hu\/a-lisztek-fajtai-es-tulajdonsagai#primaryimage","url":"https:\/\/www.kovasztunder.hu\/wp-content\/uploads\/2023\/05\/AF25B102-DB9B-4628-807F-8361100C2DC5.jpeg","contentUrl":"https:\/\/www.kovasztunder.hu\/wp-content\/uploads\/2023\/05\/AF25B102-DB9B-4628-807F-8361100C2DC5.jpeg","width":1512,"height":2016},{"@type":"BreadcrumbList","@id":"https:\/\/www.kovasztunder.hu\/a-lisztek-fajtai-es-tulajdonsagai#breadcrumb","itemListElement":[{"@type":"ListItem","position":1,"name":"Home","item":"https:\/\/www.kovasztunder.hu\/"},{"@type":"ListItem","position":2,"name":"A legt\u00f6bbet haszn\u00e1lt lisztek fajt\u00e1i \u00e9s tulajdons\u00e1gai"}]},{"@type":"WebSite","@id":"https:\/\/www.kovasztunder.hu\/#website","url":"https:\/\/www.kovasztunder.hu\/","name":"H\u00e4uschen Fee","description":"M\u00f6ge der Sauerteig mit Ihnen sein!","publisher":{"@id":"https:\/\/www.kovasztunder.hu\/#organization"},"potentialAction":[{"@type":"SearchAction","target":{"@type":"EntryPoint","urlTemplate":"https:\/\/www.kovasztunder.hu\/?s={search_term_string}"},"query-input":{"@type":"PropertyValueSpecification","valueRequired":true,"valueName":"search_term_string"}}],"inLanguage":"de"},{"@type":"Organization","@id":"https:\/\/www.kovasztunder.hu\/#organization","name":"H\u00e4uschen Fee","url":"https:\/\/www.kovasztunder.hu\/","logo":{"@type":"ImageObject","inLanguage":"de","@id":"https:\/\/www.kovasztunder.hu\/#\/schema\/logo\/image\/","url":"https:\/\/www.kovasztunder.hu\/wp-content\/uploads\/2023\/02\/kovasztunder_logo.png","contentUrl":"https:\/\/www.kovasztunder.hu\/wp-content\/uploads\/2023\/02\/kovasztunder_logo.png","width":1638,"height":487,"caption":"Kov\u00e1szT\u00fcnd\u00e9r"},"image":{"@id":"https:\/\/www.kovasztunder.hu\/#\/schema\/logo\/image\/"},"sameAs":["https:\/\/www.youtube.com\/@kovasztunder","https:\/\/www.instagram.com\/kovasztunder\/"]}]}},"_links":{"self":[{"href":"https:\/\/www.kovasztunder.hu\/de\/wp-json\/wp\/v2\/pages\/3150","targetHints":{"allow":["GET"]}}],"collection":[{"href":"https:\/\/www.kovasztunder.hu\/de\/wp-json\/wp\/v2\/pages"}],"about":[{"href":"https:\/\/www.kovasztunder.hu\/de\/wp-json\/wp\/v2\/types\/page"}],"author":[{"embeddable":true,"href":"https:\/\/www.kovasztunder.hu\/de\/wp-json\/wp\/v2\/users\/1"}],"replies":[{"embeddable":true,"href":"https:\/\/www.kovasztunder.hu\/de\/wp-json\/wp\/v2\/comments?post=3150"}],"version-history":[{"count":0,"href":"https:\/\/www.kovasztunder.hu\/de\/wp-json\/wp\/v2\/pages\/3150\/revisions"}],"wp:featuredmedia":[{"embeddable":true,"href":"https:\/\/www.kovasztunder.hu\/de\/wp-json\/wp\/v2\/media\/3875"}],"wp:attachment":[{"href":"https:\/\/www.kovasztunder.hu\/de\/wp-json\/wp\/v2\/media?parent=3150"}],"curies":[{"name":"wp","href":"https:\/\/api.w.org\/{rel}","templated":true}]}}