{"id":3150,"date":"2023-02-04T22:30:01","date_gmt":"2023-02-04T21:30:01","guid":{"rendered":"https:\/\/www.kovasztunder.hu\/?page_id=3150"},"modified":"2023-05-16T22:13:03","modified_gmt":"2023-05-16T20:13:03","slug":"las-especies-y-caracteristicas-de-la-harina","status":"publish","type":"page","link":"https:\/\/www.kovasztunder.hu\/es\/las-especies-y-caracteristicas-de-la-harina","title":{"rendered":"Tipos y propiedades de las harinas m\u00e1s utilizadas"},"content":{"rendered":"<div data-elementor-type=\"wp-page\" data-elementor-id=\"3150\" class=\"elementor elementor-3150\" data-elementor-post-type=\"page\">\n\t\t\t\t\t\t<section class=\"elementor-section elementor-top-section elementor-element elementor-element-8f37c7e elementor-section-boxed elementor-section-height-default elementor-section-height-default\" data-id=\"8f37c7e\" data-element_type=\"section\" data-e-type=\"section\" data-settings=\"{&quot;background_background&quot;:&quot;classic&quot;}\">\n\t\t\t\t\t\t<div class=\"elementor-container elementor-column-gap-default\">\n\t\t\t\t\t<div class=\"elementor-column elementor-col-100 elementor-top-column elementor-element elementor-element-321d907\" data-id=\"321d907\" data-element_type=\"column\" data-e-type=\"column\">\n\t\t\t<div class=\"elementor-widget-wrap elementor-element-populated\">\n\t\t\t\t\t\t<div class=\"elementor-element elementor-element-357c0ac elementor-widget elementor-widget-accordion\" data-id=\"357c0ac\" data-element_type=\"widget\" data-e-type=\"widget\" data-widget_type=\"accordion.default\">\n\t\t\t\t<div class=\"elementor-widget-container\">\n\t\t\t\t\t\t\t<div class=\"elementor-accordion\">\n\t\t\t\t\t\t\t<div class=\"elementor-accordion-item\">\n\t\t\t\t\t<div id=\"elementor-tab-title-5601\" class=\"elementor-tab-title\" data-tab=\"1\" role=\"button\" aria-controls=\"elementor-tab-content-5601\" aria-expanded=\"false\">\n\t\t\t\t\t\t\t\t\t\t\t\t\t<span class=\"elementor-accordion-icon elementor-accordion-icon-left\" aria-hidden=\"true\">\n\t\t\t\t\t\t\t\t\t\t\t\t\t\t\t<span class=\"elementor-accordion-icon-closed\"><i class=\"fas fa-plus\"><\/i><\/span>\n\t\t\t\t\t\t\t\t<span class=\"elementor-accordion-icon-opened\"><i class=\"fas fa-minus\"><\/i><\/span>\n\t\t\t\t\t\t\t\t\t\t\t\t\t\t<\/span>\n\t\t\t\t\t\t\t\t\t\t\t\t<a class=\"elementor-accordion-title\" tabindex=\"0\">BL-55: La harina fina<\/a>\n\t\t\t\t\t<\/div>\n\t\t\t\t\t<div id=\"elementor-tab-content-5601\" class=\"elementor-tab-content elementor-clearfix\" data-tab=\"1\" role=\"region\" aria-labelledby=\"elementor-tab-title-5601\"><p>La harina de trigo es una harina de grano fino, poco salvado y de color claro. Est\u00e1 compuesta casi en su totalidad por el grano, por lo que no es la mejor desde el punto de vista nutricional, ya que carece de los minerales valiosos.<\/p><p><strong>Usos principales:<\/strong> Para pasteler\u00eda, productos de confiter\u00eda.<\/p><\/div>\n\t\t\t\t<\/div>\n\t\t\t\t\t\t\t<div class=\"elementor-accordion-item\">\n\t\t\t\t\t<div id=\"elementor-tab-title-5602\" class=\"elementor-tab-title\" data-tab=\"2\" role=\"button\" aria-controls=\"elementor-tab-content-5602\" aria-expanded=\"false\">\n\t\t\t\t\t\t\t\t\t\t\t\t\t<span class=\"elementor-accordion-icon elementor-accordion-icon-left\" aria-hidden=\"true\">\n\t\t\t\t\t\t\t\t\t\t\t\t\t\t\t<span class=\"elementor-accordion-icon-closed\"><i class=\"fas fa-plus\"><\/i><\/span>\n\t\t\t\t\t\t\t\t<span class=\"elementor-accordion-icon-opened\"><i class=\"fas fa-minus\"><\/i><\/span>\n\t\t\t\t\t\t\t\t\t\t\t\t\t\t<\/span>\n\t\t\t\t\t\t\t\t\t\t\t\t<a class=\"elementor-accordion-title\" tabindex=\"0\">BL-80, BL-112, BL-160: Harina panificable <\/a>\n\t\t\t\t\t<\/div>\n\t\t\t\t\t<div id=\"elementor-tab-content-5602\" class=\"elementor-tab-content elementor-clearfix\" data-tab=\"2\" role=\"region\" aria-labelledby=\"elementor-tab-title-5602\"><p>Contienen m\u00e1s piel y son de color m\u00e1s oscuro. Es la harina m\u00e1s id\u00f3nea para hornear panes y reposter\u00eda.<\/p><\/div>\n\t\t\t\t<\/div>\n\t\t\t\t\t\t\t<div class=\"elementor-accordion-item\">\n\t\t\t\t\t<div id=\"elementor-tab-title-5603\" class=\"elementor-tab-title\" data-tab=\"3\" role=\"button\" aria-controls=\"elementor-tab-content-5603\" aria-expanded=\"false\">\n\t\t\t\t\t\t\t\t\t\t\t\t\t<span class=\"elementor-accordion-icon elementor-accordion-icon-left\" aria-hidden=\"true\">\n\t\t\t\t\t\t\t\t\t\t\t\t\t\t\t<span class=\"elementor-accordion-icon-closed\"><i class=\"fas fa-plus\"><\/i><\/span>\n\t\t\t\t\t\t\t\t<span class=\"elementor-accordion-icon-opened\"><i class=\"fas fa-minus\"><\/i><\/span>\n\t\t\t\t\t\t\t\t\t\t\t\t\t\t<\/span>\n\t\t\t\t\t\t\t\t\t\t\t\t<a class=\"elementor-accordion-title\" tabindex=\"0\">BTKL: Harina de trigo integral<\/a>\n\t\t\t\t\t<\/div>\n\t\t\t\t\t<div id=\"elementor-tab-content-5603\" class=\"elementor-tab-content elementor-clearfix\" data-tab=\"3\" role=\"region\" aria-labelledby=\"elementor-tab-title-5603\"><p>En las harinas integrales, la harina ya contiene las capas externas del grano de trigo: el salvado y el germen. Es mejor utilizarla mezclada con otras harinas, porque si se utiliza 100% s\u00f3lo harina integral, lo m\u00e1s probable es que se obtenga un pan pesado y demasiado denso.<\/p><p>Si utiliza este tipo de harina, tenga en cuenta que necesitar\u00e1 m\u00e1s agua y ser\u00e1 m\u00e1s dif\u00edcil de manejar.<\/p><\/div>\n\t\t\t\t<\/div>\n\t\t\t\t\t\t\t<div class=\"elementor-accordion-item\">\n\t\t\t\t\t<div id=\"elementor-tab-title-5604\" class=\"elementor-tab-title\" data-tab=\"4\" role=\"button\" aria-controls=\"elementor-tab-content-5604\" aria-expanded=\"false\">\n\t\t\t\t\t\t\t\t\t\t\t\t\t<span class=\"elementor-accordion-icon elementor-accordion-icon-left\" aria-hidden=\"true\">\n\t\t\t\t\t\t\t\t\t\t\t\t\t\t\t<span class=\"elementor-accordion-icon-closed\"><i class=\"fas fa-plus\"><\/i><\/span>\n\t\t\t\t\t\t\t\t<span class=\"elementor-accordion-icon-opened\"><i class=\"fas fa-minus\"><\/i><\/span>\n\t\t\t\t\t\t\t\t\t\t\t\t\t\t<\/span>\n\t\t\t\t\t\t\t\t\t\t\t\t<a class=\"elementor-accordion-title\" tabindex=\"0\">RL: Harina de centeno<\/a>\n\t\t\t\t\t<\/div>\n\t\t\t\t\t<div id=\"elementor-tab-content-5604\" class=\"elementor-tab-content elementor-clearfix\" data-tab=\"4\" role=\"region\" aria-labelledby=\"elementor-tab-title-5604\"><p>La harina de centeno (por ejemplo, RL 60, RL 90, RL 125, RL 190) se utiliza principalmente para la panificaci\u00f3n. La harina de centeno tiene un mayor contenido en fibra y retiene m\u00e1s nutrientes que la de trigo. Tiene un sabor profundo caracter\u00edstico y los panes leudados elaborados con centeno son m\u00e1s densos y compactos, por lo que tambi\u00e9n se recomienda mezclarla con otras harinas.<\/p><p>Existen varias variedades: la harina de centeno claro, que tiene un bajo contenido de c\u00e1scara de grano, la harina de centeno oscuro, que tiene un alto contenido de c\u00e1scara de grano, y la harina de centeno integral, que es la harina que contiene todos los componentes del grano de centeno.<\/p><\/div>\n\t\t\t\t<\/div>\n\t\t\t\t\t\t\t<div class=\"elementor-accordion-item\">\n\t\t\t\t\t<div id=\"elementor-tab-title-5605\" class=\"elementor-tab-title\" data-tab=\"5\" role=\"button\" aria-controls=\"elementor-tab-content-5605\" aria-expanded=\"false\">\n\t\t\t\t\t\t\t\t\t\t\t\t\t<span class=\"elementor-accordion-icon elementor-accordion-icon-left\" aria-hidden=\"true\">\n\t\t\t\t\t\t\t\t\t\t\t\t\t\t\t<span class=\"elementor-accordion-icon-closed\"><i class=\"fas fa-plus\"><\/i><\/span>\n\t\t\t\t\t\t\t\t<span class=\"elementor-accordion-icon-opened\"><i class=\"fas fa-minus\"><\/i><\/span>\n\t\t\t\t\t\t\t\t\t\t\t\t\t\t<\/span>\n\t\t\t\t\t\t\t\t\t\t\t\t<a class=\"elementor-accordion-title\" tabindex=\"0\">TBL-70: harina de espelta<\/a>\n\t\t\t\t\t<\/div>\n\t\t\t\t\t<div id=\"elementor-tab-content-5605\" class=\"elementor-tab-content elementor-clearfix\" data-tab=\"5\" role=\"region\" aria-labelledby=\"elementor-tab-title-5605\"><p>La espelta es m\u00e1s f\u00e1cil de digerir que el trigo com\u00fan porque contiene menos gluten, es rica en minerales y tiene un mayor contenido en prote\u00ednas, lo que la hace m\u00e1s nutritiva que el trigo. Con ella se elaboran deliciosos panes y pasteles.<\/p><\/div>\n\t\t\t\t<\/div>\n\t\t\t\t\t\t\t<div class=\"elementor-accordion-item\">\n\t\t\t\t\t<div id=\"elementor-tab-title-5606\" class=\"elementor-tab-title\" data-tab=\"6\" role=\"button\" aria-controls=\"elementor-tab-content-5606\" aria-expanded=\"false\">\n\t\t\t\t\t\t\t\t\t\t\t\t\t<span class=\"elementor-accordion-icon elementor-accordion-icon-left\" aria-hidden=\"true\">\n\t\t\t\t\t\t\t\t\t\t\t\t\t\t\t<span class=\"elementor-accordion-icon-closed\"><i class=\"fas fa-plus\"><\/i><\/span>\n\t\t\t\t\t\t\t\t<span class=\"elementor-accordion-icon-opened\"><i class=\"fas fa-minus\"><\/i><\/span>\n\t\t\t\t\t\t\t\t\t\t\t\t\t\t<\/span>\n\t\t\t\t\t\t\t\t\t\t\t\t<a class=\"elementor-accordion-title\" tabindex=\"0\">KBL-100: Harina de trigo real<\/a>\n\t\t\t\t\t<\/div>\n\t\t\t\t\t<div id=\"elementor-tab-content-5606\" class=\"elementor-tab-content elementor-clearfix\" data-tab=\"6\" role=\"region\" aria-labelledby=\"elementor-tab-title-5606\"><p>Uno de mis favoritos. El trigo rey es una variedad de trigo de origen h\u00fangaro, h\u00edbrido de trigo de mesa y espelta. La harina que se obtiene de \u00e9l tiene sabor, un alto contenido en prote\u00ednas y es rica en amino\u00e1cidos, por lo que es mejor para el organismo. Se puede utilizar en panes, pizzas, pasta, en fin, en todo lo que se desee.<\/p><p>Es muy f\u00e1cil de trabajar, un poco m\u00e1s \"sedienta\", requiere m\u00e1s agua y no necesita mezclarse con otras harinas.<\/p><\/div>\n\t\t\t\t<\/div>\n\t\t\t\t\t\t\t<div class=\"elementor-accordion-item\">\n\t\t\t\t\t<div id=\"elementor-tab-title-5607\" class=\"elementor-tab-title\" data-tab=\"7\" role=\"button\" aria-controls=\"elementor-tab-content-5607\" aria-expanded=\"false\">\n\t\t\t\t\t\t\t\t\t\t\t\t\t<span class=\"elementor-accordion-icon elementor-accordion-icon-left\" aria-hidden=\"true\">\n\t\t\t\t\t\t\t\t\t\t\t\t\t\t\t<span class=\"elementor-accordion-icon-closed\"><i class=\"fas fa-plus\"><\/i><\/span>\n\t\t\t\t\t\t\t\t<span class=\"elementor-accordion-icon-opened\"><i class=\"fas fa-minus\"><\/i><\/span>\n\t\t\t\t\t\t\t\t\t\t\t\t\t\t<\/span>\n\t\t\t\t\t\t\t\t\t\t\t\t<a class=\"elementor-accordion-title\" tabindex=\"0\">BFF-55: Harina desmenuzada<\/a>\n\t\t\t\t\t<\/div>\n\t\t\t\t\t<div id=\"elementor-tab-content-5607\" class=\"elementor-tab-content elementor-clearfix\" data-tab=\"7\" role=\"region\" aria-labelledby=\"elementor-tab-title-5607\"><p>(El contenido en prote\u00ednas es superior al de la harina fina, pero el tama\u00f1o del grano es mayor. Produce masas ligeras, aireadas, el\u00e1sticas y extensibles, pero es mejor mezclarla con harina fina en proporci\u00f3n 1:1.<\/p><\/div>\n\t\t\t\t<\/div>\n\t\t\t\t\t\t\t<div class=\"elementor-accordion-item\">\n\t\t\t\t\t<div id=\"elementor-tab-title-5608\" class=\"elementor-tab-title\" data-tab=\"8\" role=\"button\" aria-controls=\"elementor-tab-content-5608\" aria-expanded=\"false\">\n\t\t\t\t\t\t\t\t\t\t\t\t\t<span class=\"elementor-accordion-icon elementor-accordion-icon-left\" aria-hidden=\"true\">\n\t\t\t\t\t\t\t\t\t\t\t\t\t\t\t<span class=\"elementor-accordion-icon-closed\"><i class=\"fas fa-plus\"><\/i><\/span>\n\t\t\t\t\t\t\t\t<span class=\"elementor-accordion-icon-opened\"><i class=\"fas fa-minus\"><\/i><\/span>\n\t\t\t\t\t\t\t\t\t\t\t\t\t\t<\/span>\n\t\t\t\t\t\t\t\t\t\t\t\t<a class=\"elementor-accordion-title\" tabindex=\"0\">Harina de kamut<\/a>\n\t\t\t\t\t<\/div>\n\t\t\t\t\t<div id=\"elementor-tab-content-5608\" class=\"elementor-tab-content elementor-clearfix\" data-tab=\"8\" role=\"region\" aria-labelledby=\"elementor-tab-title-5608\"><p>Tiene un \u00edndice gluc\u00e9mico bajo (IG: 45), y los productos elaborados con ella pueden incorporarse f\u00e1cilmente a las dietas de diab\u00e9ticos y personas a dieta. Es de color dorado, rica en carotenoides y selenio y tiene una consistencia mantecosa. Su lenta absorci\u00f3n facilita la digesti\u00f3n.<\/p><\/div>\n\t\t\t\t<\/div>\n\t\t\t\t\t\t\t<div class=\"elementor-accordion-item\">\n\t\t\t\t\t<div id=\"elementor-tab-title-5609\" class=\"elementor-tab-title\" data-tab=\"9\" role=\"button\" aria-controls=\"elementor-tab-content-5609\" aria-expanded=\"false\">\n\t\t\t\t\t\t\t\t\t\t\t\t\t<span class=\"elementor-accordion-icon elementor-accordion-icon-left\" aria-hidden=\"true\">\n\t\t\t\t\t\t\t\t\t\t\t\t\t\t\t<span class=\"elementor-accordion-icon-closed\"><i class=\"fas fa-plus\"><\/i><\/span>\n\t\t\t\t\t\t\t\t<span class=\"elementor-accordion-icon-opened\"><i class=\"fas fa-minus\"><\/i><\/span>\n\t\t\t\t\t\t\t\t\t\t\t\t\t\t<\/span>\n\t\t\t\t\t\t\t\t\t\t\t\t<a class=\"elementor-accordion-title\" tabindex=\"0\">Harina de avena<\/a>\n\t\t\t\t\t<\/div>\n\t\t\t\t\t<div id=\"elementor-tab-content-5609\" class=\"elementor-tab-content elementor-clearfix\" data-tab=\"9\" role=\"region\" aria-labelledby=\"elementor-tab-title-5609\"><p>La avena es rica en fibra y vitaminas del grupo B. La harina de avena no contiene achicoria, por lo que es conveniente mezclarla con otras harinas que contengan achicoria al hornear pan y pasteles.<\/p><\/div>\n\t\t\t\t<\/div>\n\t\t\t\t\t\t\t<div class=\"elementor-accordion-item\">\n\t\t\t\t\t<div id=\"elementor-tab-title-56010\" class=\"elementor-tab-title\" data-tab=\"10\" role=\"button\" aria-controls=\"elementor-tab-content-56010\" aria-expanded=\"false\">\n\t\t\t\t\t\t\t\t\t\t\t\t\t<span class=\"elementor-accordion-icon elementor-accordion-icon-left\" aria-hidden=\"true\">\n\t\t\t\t\t\t\t\t\t\t\t\t\t\t\t<span class=\"elementor-accordion-icon-closed\"><i class=\"fas fa-plus\"><\/i><\/span>\n\t\t\t\t\t\t\t\t<span class=\"elementor-accordion-icon-opened\"><i class=\"fas fa-minus\"><\/i><\/span>\n\t\t\t\t\t\t\t\t\t\t\t\t\t\t<\/span>\n\t\t\t\t\t\t\t\t\t\t\t\t<a class=\"elementor-accordion-title\" tabindex=\"0\">Trigo sarraceno<\/a>\n\t\t\t\t\t<\/div>\n\t\t\t\t\t<div id=\"elementor-tab-content-56010\" class=\"elementor-tab-content elementor-clearfix\" data-tab=\"10\" role=\"region\" aria-labelledby=\"elementor-tab-title-56010\"><p>La harina de trigo sarraceno tiene un sabor \u00e1spero y terroso <a class=\"wpg-linkify wpg-tooltip\" title=\"&lt;h3 class=&quot;wpg-tooltip-title&quot;&gt;&lt;span class=&quot;wpg-tooltip-term-title&quot;&gt;AD&lt;\/span&gt;&lt;\/h3&gt;&lt;div class=&quot;wpg-tooltip-content&quot;&gt;&lt;p&gt;S&eacute;mola comestible.&lt;\/p&gt;&lt;\/div&gt;\" href=\"https:\/\/www.kovasztunder.hu\/es\/conceptos-basicos\/ad\/\" >ad<\/a> El pan es rico en fibra.<\/p><p><strong>Tipos:<\/strong> oscuro y claro.<\/p><\/div>\n\t\t\t\t<\/div>\n\t\t\t\t\t\t\t<div class=\"elementor-accordion-item\">\n\t\t\t\t\t<div id=\"elementor-tab-title-56011\" class=\"elementor-tab-title\" data-tab=\"11\" role=\"button\" aria-controls=\"elementor-tab-content-56011\" aria-expanded=\"false\">\n\t\t\t\t\t\t\t\t\t\t\t\t\t<span class=\"elementor-accordion-icon elementor-accordion-icon-left\" aria-hidden=\"true\">\n\t\t\t\t\t\t\t\t\t\t\t\t\t\t\t<span class=\"elementor-accordion-icon-closed\"><i class=\"fas fa-plus\"><\/i><\/span>\n\t\t\t\t\t\t\t\t<span class=\"elementor-accordion-icon-opened\"><i class=\"fas fa-minus\"><\/i><\/span>\n\t\t\t\t\t\t\t\t\t\t\t\t\t\t<\/span>\n\t\t\t\t\t\t\t\t\t\t\t\t<a class=\"elementor-accordion-title\" tabindex=\"0\">Harina de trigo duro<\/a>\n\t\t\t\t\t<\/div>\n\t\t\t\t\t<div id=\"elementor-tab-content-56011\" class=\"elementor-tab-content elementor-clearfix\" data-tab=\"11\" role=\"region\" aria-labelledby=\"elementor-tab-title-56011\"><p>Tiene un alto contenido en prote\u00ednas, pero tambi\u00e9n es necesario complementarlo con harina de trigo refinada para compensar su d\u00e9bil estructura de gluten.<\/p><\/div>\n\t\t\t\t<\/div>\n\t\t\t\t\t\t\t<div class=\"elementor-accordion-item\">\n\t\t\t\t\t<div id=\"elementor-tab-title-56012\" class=\"elementor-tab-title\" data-tab=\"12\" role=\"button\" aria-controls=\"elementor-tab-content-56012\" aria-expanded=\"false\">\n\t\t\t\t\t\t\t\t\t\t\t\t\t<span class=\"elementor-accordion-icon elementor-accordion-icon-left\" aria-hidden=\"true\">\n\t\t\t\t\t\t\t\t\t\t\t\t\t\t\t<span class=\"elementor-accordion-icon-closed\"><i class=\"fas fa-plus\"><\/i><\/span>\n\t\t\t\t\t\t\t\t<span class=\"elementor-accordion-icon-opened\"><i class=\"fas fa-minus\"><\/i><\/span>\n\t\t\t\t\t\t\t\t\t\t\t\t\t\t<\/span>\n\t\t\t\t\t\t\t\t\t\t\t\t<a class=\"elementor-accordion-title\" tabindex=\"0\">00: Harina de pizza<\/a>\n\t\t\t\t\t<\/div>\n\t\t\t\t\t<div id=\"elementor-tab-content-56012\" class=\"elementor-tab-content elementor-clearfix\" data-tab=\"12\" role=\"region\" aria-labelledby=\"elementor-tab-title-56012\"><p>Harina molida muy fina, utilizada sobre todo para la masa de la pizza italiana y napolitana. Existen varias subespecies con diferente contenido prote\u00ednico. Para la harina de pizza, lo m\u00e1s importante suele ser un horno caliente, funciona mejor en torno a los 450 grados, temperatura a la que una pizza napolitana cl\u00e1sica se cocina en 1-2 minutos.<\/p><\/div>\n\t\t\t\t<\/div>\n\t\t\t\t\t\t\t\t<\/div>\n\t\t\t\t\t\t<\/div>\n\t\t\t\t<\/div>\n\t\t\t\t\t<\/div>\n\t\t<\/div>\n\t\t\t\t\t<\/div>\n\t\t<\/section>\n\t\t\t\t<section class=\"elementor-section elementor-top-section elementor-element elementor-element-15a2b24 elementor-section-boxed elementor-section-height-default elementor-section-height-default\" data-id=\"15a2b24\" data-element_type=\"section\" data-e-type=\"section\">\n\t\t\t\t\t\t<div class=\"elementor-container elementor-column-gap-default\">\n\t\t\t\t\t<div class=\"elementor-column elementor-col-100 elementor-top-column elementor-element elementor-element-bb1ce29\" data-id=\"bb1ce29\" data-element_type=\"column\" data-e-type=\"column\">\n\t\t\t<div class=\"elementor-widget-wrap elementor-element-populated\">\n\t\t\t\t\t\t<div class=\"elementor-element elementor-element-caf594f elementor-widget elementor-widget-spacer\" data-id=\"caf594f\" data-element_type=\"widget\" data-e-type=\"widget\" data-widget_type=\"spacer.default\">\n\t\t\t\t<div class=\"elementor-widget-container\">\n\t\t\t\t\t\t\t<div class=\"elementor-spacer\">\n\t\t\t<div class=\"elementor-spacer-inner\"><\/div>\n\t\t<\/div>\n\t\t\t\t\t\t<\/div>\n\t\t\t\t<\/div>\n\t\t\t\t\t<\/div>\n\t\t<\/div>\n\t\t\t\t\t<\/div>\n\t\t<\/section>\n\t\t\t\t<\/div>","protected":false},"excerpt":{"rendered":"<p>BL-55: La harina fina La harina de trigo es una harina de grano fino, poco salvado y de color claro. Se compone casi totalmente del grano de la almendra, por lo que no es la mejor desde el punto de vista nutricional, ya que carece de los minerales valiosos que est\u00e1n presentes en la harina. Principales usos: en productos de pasteler\u00eda y confiter\u00eda. BL-80, BL-112, BL-160: Las harinas panificables contienen m\u00e1s corteza y son de color m\u00e1s oscuro. Esto ...<\/p>","protected":false},"author":1,"featured_media":3875,"parent":0,"menu_order":0,"comment_status":"closed","ping_status":"closed","template":"template-4.php","meta":{"wprm-recipe-roundup-name":"","wprm-recipe-roundup-description":"","tinysalt_hide_before_page_content_ad":"","tinysalt_hide_after_page_content_ad":"","tinysalt_hide_page_header":"","tinysalt_advanced_classname":"","tinysalt_page_featured_media_position":"","tinysalt_single_site_header_source":"","tinysalt_single_custom_site_header":"0","tinysalt_single_custom_sticky_site_header":"0","tinysalt_single_custom_sticky_site_header_style":"sticky-scroll-up","tinysalt_single_site_footer_source":"","tinysalt_single_custom_site_footer":"0","footnotes":""},"class_list":["post-3150","page","type-page","status-publish","has-post-thumbnail","hentry"],"yoast_head":"<!-- This site is optimized with the Yoast SEO Premium plugin v24.4 (Yoast SEO v27.3) - https:\/\/yoast.com\/product\/yoast-seo-premium-wordpress\/ -->\n<title>A legt\u00f6bbet haszn\u00e1lt lisztek fajt\u00e1i \u00e9s tulajdons\u00e1gai - Kov\u00e1szT\u00fcnd\u00e9r<\/title>\n<meta name=\"robots\" content=\"index, follow, max-snippet:-1, max-image-preview:large, max-video-preview:-1\" \/>\n<link rel=\"canonical\" href=\"https:\/\/www.kovasztunder.hu\/es\/las-especies-y-caracteristicas-de-la-harina\" \/>\n<meta property=\"og:locale\" content=\"es_ES\" \/>\n<meta property=\"og:type\" content=\"article\" \/>\n<meta property=\"og:title\" content=\"A legt\u00f6bbet haszn\u00e1lt lisztek fajt\u00e1i \u00e9s tulajdons\u00e1gai\" \/>\n<meta property=\"og:description\" content=\"BL-55: A finomliszt A b\u00faza finomliszt apr\u00f3 szemcsem\u00e9ret\u0171, alacsony korpatartalm\u00fa \u00e9s vil\u00e1gos sz\u00edn\u0171 \u0151rlem\u00e9ny. Szinte csak a magbels\u0151b\u0151l \u00e1ll, ez\u00e9rt min\u0151s\u00e9g szempontj\u00e1b\u00f3l nem a legjobb ha a t\u00e1pl\u00e1lkoz\u00e1st n\u00e9zz\u00fck, hisz itt nincsenek a lisztben az \u00e9rt\u00e9kes \u00e1sv\u00e1nyi anyagok. F\u0151 felhaszn\u00e1l\u00e1sa: P\u00e9ks\u00fctem\u00e9nyekn\u00e9l, cukr\u00e1szati term\u00e9kekn\u00e9l. BL-80, BL-112, BL-160: A keny\u00e9rlisztek T\u00f6bb h\u00e9jr\u00e9szt tartalmaznak \u00e9s s\u00f6t\u00e9tebb sz\u00edn\u0171ek. Ez ...\" \/>\n<meta property=\"og:url\" content=\"https:\/\/www.kovasztunder.hu\/es\/las-especies-y-caracteristicas-de-la-harina\" \/>\n<meta property=\"og:site_name\" content=\"Kov\u00e1szT\u00fcnd\u00e9r\" \/>\n<meta property=\"article:modified_time\" content=\"2023-05-16T20:13:03+00:00\" \/>\n<meta property=\"og:image\" content=\"https:\/\/www.kovasztunder.hu\/wp-content\/uploads\/2023\/05\/AF25B102-DB9B-4628-807F-8361100C2DC5.jpeg\" \/>\n\t<meta property=\"og:image:width\" content=\"1512\" \/>\n\t<meta property=\"og:image:height\" content=\"2016\" \/>\n\t<meta property=\"og:image:type\" content=\"image\/jpeg\" \/>\n<meta name=\"twitter:card\" content=\"summary_large_image\" \/>\n<meta name=\"twitter:label1\" content=\"Tiempo de lectura\" \/>\n\t<meta name=\"twitter:data1\" content=\"3 minutos\" \/>\n<script type=\"application\/ld+json\" class=\"yoast-schema-graph\">{\"@context\":\"https:\\\/\\\/schema.org\",\"@graph\":[{\"@type\":\"WebPage\",\"@id\":\"https:\\\/\\\/www.kovasztunder.hu\\\/a-lisztek-fajtai-es-tulajdonsagai\",\"url\":\"https:\\\/\\\/www.kovasztunder.hu\\\/a-lisztek-fajtai-es-tulajdonsagai\",\"name\":\"A legt\u00f6bbet haszn\u00e1lt lisztek fajt\u00e1i \u00e9s tulajdons\u00e1gai - Kov\u00e1szT\u00fcnd\u00e9r\",\"isPartOf\":{\"@id\":\"https:\\\/\\\/www.kovasztunder.hu\\\/#website\"},\"primaryImageOfPage\":{\"@id\":\"https:\\\/\\\/www.kovasztunder.hu\\\/a-lisztek-fajtai-es-tulajdonsagai#primaryimage\"},\"image\":{\"@id\":\"https:\\\/\\\/www.kovasztunder.hu\\\/a-lisztek-fajtai-es-tulajdonsagai#primaryimage\"},\"thumbnailUrl\":\"https:\\\/\\\/www.kovasztunder.hu\\\/wp-content\\\/uploads\\\/2023\\\/05\\\/AF25B102-DB9B-4628-807F-8361100C2DC5.jpeg\",\"datePublished\":\"2023-02-04T21:30:01+00:00\",\"dateModified\":\"2023-05-16T20:13:03+00:00\",\"breadcrumb\":{\"@id\":\"https:\\\/\\\/www.kovasztunder.hu\\\/a-lisztek-fajtai-es-tulajdonsagai#breadcrumb\"},\"inLanguage\":\"es\",\"potentialAction\":[{\"@type\":\"ReadAction\",\"target\":[\"https:\\\/\\\/www.kovasztunder.hu\\\/a-lisztek-fajtai-es-tulajdonsagai\"]}]},{\"@type\":\"ImageObject\",\"inLanguage\":\"es\",\"@id\":\"https:\\\/\\\/www.kovasztunder.hu\\\/a-lisztek-fajtai-es-tulajdonsagai#primaryimage\",\"url\":\"https:\\\/\\\/www.kovasztunder.hu\\\/wp-content\\\/uploads\\\/2023\\\/05\\\/AF25B102-DB9B-4628-807F-8361100C2DC5.jpeg\",\"contentUrl\":\"https:\\\/\\\/www.kovasztunder.hu\\\/wp-content\\\/uploads\\\/2023\\\/05\\\/AF25B102-DB9B-4628-807F-8361100C2DC5.jpeg\",\"width\":1512,\"height\":2016},{\"@type\":\"BreadcrumbList\",\"@id\":\"https:\\\/\\\/www.kovasztunder.hu\\\/a-lisztek-fajtai-es-tulajdonsagai#breadcrumb\",\"itemListElement\":[{\"@type\":\"ListItem\",\"position\":1,\"name\":\"Home\",\"item\":\"https:\\\/\\\/www.kovasztunder.hu\\\/\"},{\"@type\":\"ListItem\",\"position\":2,\"name\":\"A legt\u00f6bbet haszn\u00e1lt lisztek fajt\u00e1i \u00e9s tulajdons\u00e1gai\"}]},{\"@type\":\"WebSite\",\"@id\":\"https:\\\/\\\/www.kovasztunder.hu\\\/#website\",\"url\":\"https:\\\/\\\/www.kovasztunder.hu\\\/\",\"name\":\"Kov\u00e1szT\u00fcnd\u00e9r\",\"description\":\"A kov\u00e1sz legyen veletek!\",\"publisher\":{\"@id\":\"https:\\\/\\\/www.kovasztunder.hu\\\/#organization\"},\"potentialAction\":[{\"@type\":\"SearchAction\",\"target\":{\"@type\":\"EntryPoint\",\"urlTemplate\":\"https:\\\/\\\/www.kovasztunder.hu\\\/?s={search_term_string}\"},\"query-input\":{\"@type\":\"PropertyValueSpecification\",\"valueRequired\":true,\"valueName\":\"search_term_string\"}}],\"inLanguage\":\"es\"},{\"@type\":\"Organization\",\"@id\":\"https:\\\/\\\/www.kovasztunder.hu\\\/#organization\",\"name\":\"Kov\u00e1szT\u00fcnd\u00e9r\",\"url\":\"https:\\\/\\\/www.kovasztunder.hu\\\/\",\"logo\":{\"@type\":\"ImageObject\",\"inLanguage\":\"es\",\"@id\":\"https:\\\/\\\/www.kovasztunder.hu\\\/#\\\/schema\\\/logo\\\/image\\\/\",\"url\":\"https:\\\/\\\/www.kovasztunder.hu\\\/wp-content\\\/uploads\\\/2023\\\/02\\\/kovasztunder_logo.png\",\"contentUrl\":\"https:\\\/\\\/www.kovasztunder.hu\\\/wp-content\\\/uploads\\\/2023\\\/02\\\/kovasztunder_logo.png\",\"width\":1638,\"height\":487,\"caption\":\"Kov\u00e1szT\u00fcnd\u00e9r\"},\"image\":{\"@id\":\"https:\\\/\\\/www.kovasztunder.hu\\\/#\\\/schema\\\/logo\\\/image\\\/\"},\"sameAs\":[\"https:\\\/\\\/www.youtube.com\\\/@kovasztunder\",\"https:\\\/\\\/www.instagram.com\\\/kovasztunder\\\/\"]}]}<\/script>\n<!-- \/ Yoast SEO Premium plugin. -->","yoast_head_json":{"title":"Tipos y propiedades de las harinas m\u00e1s utilizadas - Kov\u00e1szTaender","robots":{"index":"index","follow":"follow","max-snippet":"max-snippet:-1","max-image-preview":"max-image-preview:large","max-video-preview":"max-video-preview:-1"},"canonical":"https:\/\/www.kovasztunder.hu\/es\/las-especies-y-caracteristicas-de-la-harina","og_locale":"es_ES","og_type":"article","og_title":"A legt\u00f6bbet haszn\u00e1lt lisztek fajt\u00e1i \u00e9s tulajdons\u00e1gai","og_description":"BL-55: A finomliszt A b\u00faza finomliszt apr\u00f3 szemcsem\u00e9ret\u0171, alacsony korpatartalm\u00fa \u00e9s vil\u00e1gos sz\u00edn\u0171 \u0151rlem\u00e9ny. Szinte csak a magbels\u0151b\u0151l \u00e1ll, ez\u00e9rt min\u0151s\u00e9g szempontj\u00e1b\u00f3l nem a legjobb ha a t\u00e1pl\u00e1lkoz\u00e1st n\u00e9zz\u00fck, hisz itt nincsenek a lisztben az \u00e9rt\u00e9kes \u00e1sv\u00e1nyi anyagok. F\u0151 felhaszn\u00e1l\u00e1sa: P\u00e9ks\u00fctem\u00e9nyekn\u00e9l, cukr\u00e1szati term\u00e9kekn\u00e9l. BL-80, BL-112, BL-160: A keny\u00e9rlisztek T\u00f6bb h\u00e9jr\u00e9szt tartalmaznak \u00e9s s\u00f6t\u00e9tebb sz\u00edn\u0171ek. Ez ...","og_url":"https:\/\/www.kovasztunder.hu\/es\/las-especies-y-caracteristicas-de-la-harina","og_site_name":"Kov\u00e1szT\u00fcnd\u00e9r","article_modified_time":"2023-05-16T20:13:03+00:00","og_image":[{"width":1512,"height":2016,"url":"https:\/\/www.kovasztunder.hu\/wp-content\/uploads\/2023\/05\/AF25B102-DB9B-4628-807F-8361100C2DC5.jpeg","type":"image\/jpeg"}],"twitter_card":"summary_large_image","twitter_misc":{"Tiempo de lectura":"3 minutos"},"schema":{"@context":"https:\/\/schema.org","@graph":[{"@type":"WebPage","@id":"https:\/\/www.kovasztunder.hu\/a-lisztek-fajtai-es-tulajdonsagai","url":"https:\/\/www.kovasztunder.hu\/a-lisztek-fajtai-es-tulajdonsagai","name":"Tipos y propiedades de las harinas m\u00e1s utilizadas - Kov\u00e1szTaender","isPartOf":{"@id":"https:\/\/www.kovasztunder.hu\/#website"},"primaryImageOfPage":{"@id":"https:\/\/www.kovasztunder.hu\/a-lisztek-fajtai-es-tulajdonsagai#primaryimage"},"image":{"@id":"https:\/\/www.kovasztunder.hu\/a-lisztek-fajtai-es-tulajdonsagai#primaryimage"},"thumbnailUrl":"https:\/\/www.kovasztunder.hu\/wp-content\/uploads\/2023\/05\/AF25B102-DB9B-4628-807F-8361100C2DC5.jpeg","datePublished":"2023-02-04T21:30:01+00:00","dateModified":"2023-05-16T20:13:03+00:00","breadcrumb":{"@id":"https:\/\/www.kovasztunder.hu\/a-lisztek-fajtai-es-tulajdonsagai#breadcrumb"},"inLanguage":"es","potentialAction":[{"@type":"ReadAction","target":["https:\/\/www.kovasztunder.hu\/a-lisztek-fajtai-es-tulajdonsagai"]}]},{"@type":"ImageObject","inLanguage":"es","@id":"https:\/\/www.kovasztunder.hu\/a-lisztek-fajtai-es-tulajdonsagai#primaryimage","url":"https:\/\/www.kovasztunder.hu\/wp-content\/uploads\/2023\/05\/AF25B102-DB9B-4628-807F-8361100C2DC5.jpeg","contentUrl":"https:\/\/www.kovasztunder.hu\/wp-content\/uploads\/2023\/05\/AF25B102-DB9B-4628-807F-8361100C2DC5.jpeg","width":1512,"height":2016},{"@type":"BreadcrumbList","@id":"https:\/\/www.kovasztunder.hu\/a-lisztek-fajtai-es-tulajdonsagai#breadcrumb","itemListElement":[{"@type":"ListItem","position":1,"name":"Home","item":"https:\/\/www.kovasztunder.hu\/"},{"@type":"ListItem","position":2,"name":"A legt\u00f6bbet haszn\u00e1lt lisztek fajt\u00e1i \u00e9s tulajdons\u00e1gai"}]},{"@type":"WebSite","@id":"https:\/\/www.kovasztunder.hu\/#website","url":"https:\/\/www.kovasztunder.hu\/","name":"Hada de las caba\u00f1as","description":"\u00a1Que la masa madre te acompa\u00f1e!","publisher":{"@id":"https:\/\/www.kovasztunder.hu\/#organization"},"potentialAction":[{"@type":"SearchAction","target":{"@type":"EntryPoint","urlTemplate":"https:\/\/www.kovasztunder.hu\/?s={search_term_string}"},"query-input":{"@type":"PropertyValueSpecification","valueRequired":true,"valueName":"search_term_string"}}],"inLanguage":"es"},{"@type":"Organization","@id":"https:\/\/www.kovasztunder.hu\/#organization","name":"Hada de las caba\u00f1as","url":"https:\/\/www.kovasztunder.hu\/","logo":{"@type":"ImageObject","inLanguage":"es","@id":"https:\/\/www.kovasztunder.hu\/#\/schema\/logo\/image\/","url":"https:\/\/www.kovasztunder.hu\/wp-content\/uploads\/2023\/02\/kovasztunder_logo.png","contentUrl":"https:\/\/www.kovasztunder.hu\/wp-content\/uploads\/2023\/02\/kovasztunder_logo.png","width":1638,"height":487,"caption":"Kov\u00e1szT\u00fcnd\u00e9r"},"image":{"@id":"https:\/\/www.kovasztunder.hu\/#\/schema\/logo\/image\/"},"sameAs":["https:\/\/www.youtube.com\/@kovasztunder","https:\/\/www.instagram.com\/kovasztunder\/"]}]}},"_links":{"self":[{"href":"https:\/\/www.kovasztunder.hu\/es\/wp-json\/wp\/v2\/pages\/3150","targetHints":{"allow":["GET"]}}],"collection":[{"href":"https:\/\/www.kovasztunder.hu\/es\/wp-json\/wp\/v2\/pages"}],"about":[{"href":"https:\/\/www.kovasztunder.hu\/es\/wp-json\/wp\/v2\/types\/page"}],"author":[{"embeddable":true,"href":"https:\/\/www.kovasztunder.hu\/es\/wp-json\/wp\/v2\/users\/1"}],"replies":[{"embeddable":true,"href":"https:\/\/www.kovasztunder.hu\/es\/wp-json\/wp\/v2\/comments?post=3150"}],"version-history":[{"count":0,"href":"https:\/\/www.kovasztunder.hu\/es\/wp-json\/wp\/v2\/pages\/3150\/revisions"}],"wp:featuredmedia":[{"embeddable":true,"href":"https:\/\/www.kovasztunder.hu\/es\/wp-json\/wp\/v2\/media\/3875"}],"wp:attachment":[{"href":"https:\/\/www.kovasztunder.hu\/es\/wp-json\/wp\/v2\/media?parent=3150"}],"curies":[{"name":"wp","href":"https:\/\/api.w.org\/{rel}","templated":true}]}}